{"id":3,"date":"2025-12-16T16:31:48","date_gmt":"2025-12-16T16:31:48","guid":{"rendered":"https:\/\/laplagedufestivalevent.com\/?page_id=3"},"modified":"2026-01-30T08:23:14","modified_gmt":"2026-01-30T08:23:14","slug":"privacy-policy","status":"publish","type":"page","link":"https:\/\/laplagedufestivalevent.com\/en\/privacy-policy\/","title":{"rendered":"Privacy Policy"},"content":{"rendered":"\t\t<div data-elementor-type=\"wp-page\" data-elementor-id=\"3\" class=\"elementor elementor-3\" data-elementor-post-type=\"page\">\n\t\t\t\t<div class=\"elementor-element elementor-element-db19bcb e-flex e-con-boxed e-con e-parent\" data-id=\"db19bcb\" data-element_type=\"container\" data-e-type=\"container\" data-settings=\"{&quot;background_background&quot;:&quot;classic&quot;,&quot;sticky&quot;:&quot;top&quot;,&quot;sticky_effects_offset&quot;:4,&quot;sticky_on&quot;:[&quot;desktop&quot;,&quot;tablet&quot;,&quot;mobile&quot;],&quot;sticky_offset&quot;:0,&quot;sticky_anchor_link_offset&quot;:0}\">\n\t\t\t\t\t<div class=\"e-con-inner\">\n\t\t\t\t<div class=\"elementor-element elementor-element-ffa0210 elementor-align-left elementor-widget elementor-widget-button\" data-id=\"ffa0210\" data-element_type=\"widget\" data-e-type=\"widget\" data-widget_type=\"button.default\">\n\t\t\t\t\t\t\t\t\t\t<a class=\"elementor-button elementor-button-link elementor-size-sm\" href=\"https:\/\/laplagedufestivalevent.com\/#formulaire1\">\n\t\t\t\t\t\t<span class=\"elementor-button-content-wrapper\">\n\t\t\t\t\t\t\t\t\t<span class=\"elementor-button-text\">INFOS &amp; PRICES<\/span>\n\t\t\t\t\t<\/span>\n\t\t\t\t\t<\/a>\n\t\t\t\t\t\t\t\t<\/div>\n\t\t\t\t\t<\/div>\n\t\t\t\t<\/div>\n\t\t<div class=\"elementor-element elementor-element-32647a4 e-flex e-con-boxed e-con e-parent\" data-id=\"32647a4\" data-element_type=\"container\" data-e-type=\"container\" data-settings=\"{&quot;background_background&quot;:&quot;classic&quot;}\">\n\t\t\t\t\t<div class=\"e-con-inner\">\n\t\t<div class=\"elementor-element elementor-element-b872ad5 e-con-full e-flex e-con e-child\" data-id=\"b872ad5\" data-element_type=\"container\" data-e-type=\"container\">\n\t\t\t\t<div class=\"elementor-element elementor-element-b5305c7 e-grid-align-left elementor-widget-tablet__width-inherit e-grid-align-mobile-center elementor-shape-rounded elementor-grid-0 elementor-widget elementor-widget-social-icons\" data-id=\"b5305c7\" data-element_type=\"widget\" data-e-type=\"widget\" data-widget_type=\"social-icons.default\">\n\t\t\t\t\t\t\t<div class=\"elementor-social-icons-wrapper elementor-grid\" role=\"list\">\n\t\t\t\t\t\t\t<span class=\"elementor-grid-item\" role=\"listitem\">\n\t\t\t\t\t<a class=\"elementor-icon elementor-social-icon elementor-social-icon-instagram elementor-animation-grow elementor-repeater-item-be32a58\" href=\"https:\/\/www.instagram.com\/plagedufestival\/\" target=\"_blank\">\n\t\t\t\t\t\t<span class=\"elementor-screen-only\">Instagram<\/span>\n\t\t\t\t\t\t<svg aria-hidden=\"true\" class=\"e-font-icon-svg e-fab-instagram\" viewBox=\"0 0 448 512\" xmlns=\"http:\/\/www.w3.org\/2000\/svg\"><path d=\"M224.1 141c-63.6 0-114.9 51.3-114.9 114.9s51.3 114.9 114.9 114.9S339 319.5 339 255.9 287.7 141 224.1 141zm0 189.6c-41.1 0-74.7-33.5-74.7-74.7s33.5-74.7 74.7-74.7 74.7 33.5 74.7 74.7-33.6 74.7-74.7 74.7zm146.4-194.3c0 14.9-12 26.8-26.8 26.8-14.9 0-26.8-12-26.8-26.8s12-26.8 26.8-26.8 26.8 12 26.8 26.8zm76.1 27.2c-1.7-35.9-9.9-67.7-36.2-93.9-26.2-26.2-58-34.4-93.9-36.2-37-2.1-147.9-2.1-184.9 0-35.8 1.7-67.6 9.9-93.9 36.1s-34.4 58-36.2 93.9c-2.1 37-2.1 147.9 0 184.9 1.7 35.9 9.9 67.7 36.2 93.9s58 34.4 93.9 36.2c37 2.1 147.9 2.1 184.9 0 35.9-1.7 67.7-9.9 93.9-36.2 26.2-26.2 34.4-58 36.2-93.9 2.1-37 2.1-147.8 0-184.8zM398.8 388c-7.8 19.6-22.9 34.7-42.6 42.6-29.5 11.7-99.5 9-132.1 9s-102.7 2.6-132.1-9c-19.6-7.8-34.7-22.9-42.6-42.6-11.7-29.5-9-99.5-9-132.1s-2.6-102.7 9-132.1c7.8-19.6 22.9-34.7 42.6-42.6 29.5-11.7 99.5-9 132.1-9s102.7-2.6 132.1 9c19.6 7.8 34.7 22.9 42.6 42.6 11.7 29.5 9 99.5 9 132.1s2.7 102.7-9 132.1z\"><\/path><\/svg>\t\t\t\t\t<\/a>\n\t\t\t\t<\/span>\n\t\t\t\t\t\t\t<span class=\"elementor-grid-item\" role=\"listitem\">\n\t\t\t\t\t<a class=\"elementor-icon elementor-social-icon elementor-social-icon-facebook-f elementor-animation-grow elementor-repeater-item-af5d7dd\" href=\"https:\/\/www.facebook.com\/laplagedufestival\/\" target=\"_blank\">\n\t\t\t\t\t\t<span class=\"elementor-screen-only\">Facebook-f<\/span>\n\t\t\t\t\t\t<svg aria-hidden=\"true\" class=\"e-font-icon-svg e-fab-facebook-f\" viewBox=\"0 0 320 512\" xmlns=\"http:\/\/www.w3.org\/2000\/svg\"><path d=\"M279.14 288l14.22-92.66h-88.91v-60.13c0-25.35 12.42-50.06 52.24-50.06h40.42V6.26S260.43 0 225.36 0c-73.22 0-121.08 44.38-121.08 124.72v70.62H22.89V288h81.39v224h100.17V288z\"><\/path><\/svg>\t\t\t\t\t<\/a>\n\t\t\t\t<\/span>\n\t\t\t\t\t<\/div>\n\t\t\t\t\t\t<\/div>\n\t\t\t\t<\/div>\n\t\t<div class=\"elementor-element elementor-element-ccf2680 e-con-full elementor-hidden-tablet elementor-hidden-mobile e-flex e-con e-child\" data-id=\"ccf2680\" data-element_type=\"container\" data-e-type=\"container\">\n\t\t\t\t<div class=\"elementor-element elementor-element-78299c5 elementor-nav-menu__align-center elementor-nav-menu__text-align-center elementor-widget-tablet__width-initial elementor-nav-menu--dropdown-tablet elementor-nav-menu--toggle elementor-nav-menu--burger elementor-widget elementor-widget-nav-menu\" data-id=\"78299c5\" data-element_type=\"widget\" data-e-type=\"widget\" data-settings=\"{&quot;layout&quot;:&quot;horizontal&quot;,&quot;submenu_icon&quot;:{&quot;value&quot;:&quot;&lt;svg aria-hidden=\\&quot;true\\&quot; class=\\&quot;e-font-icon-svg e-fas-caret-down\\&quot; viewBox=\\&quot;0 0 320 512\\&quot; xmlns=\\&quot;http:\\\/\\\/www.w3.org\\\/2000\\\/svg\\&quot;&gt;&lt;path d=\\&quot;M31.3 192h257.3c17.8 0 26.7 21.5 14.1 34.1L174.1 354.8c-7.8 7.8-20.5 7.8-28.3 0L17.2 226.1C4.6 213.5 13.5 192 31.3 192z\\&quot;&gt;&lt;\\\/path&gt;&lt;\\\/svg&gt;&quot;,&quot;library&quot;:&quot;fa-solid&quot;},&quot;toggle&quot;:&quot;burger&quot;}\" data-widget_type=\"nav-menu.default\">\n\t\t\t\t\t\t\t\t<nav aria-label=\"Menu\" class=\"elementor-nav-menu--main elementor-nav-menu__container elementor-nav-menu--layout-horizontal e--pointer-none\">\n\t\t\t\t<ul id=\"menu-1-78299c5\" class=\"elementor-nav-menu\"><li class=\"menu-item menu-item-type-custom menu-item-object-custom menu-item-92\"><a href=\"https:\/\/laplagedufestivalevent.com\/\" class=\"elementor-item\">website<\/a><\/li>\n<li class=\"menu-item menu-item-type-custom menu-item-object-custom menu-item-93\"><a href=\"https:\/\/www.plagedufestival.com\/restaurant-mediterraneen-plage-privee-cannes-croisette\/\" class=\"elementor-item\">restaurant<\/a><\/li>\n<li class=\"menu-item menu-item-type-custom menu-item-object-custom menu-item-94\"><a href=\"https:\/\/www.plagedufestival.com\/la-plage-privee-cannes-restraurant-mediterraneen-croisette\/\" class=\"elementor-item\">The Beach<\/a><\/li>\n<li class=\"menu-item menu-item-type-custom menu-item-object-custom menu-item-95\"><a href=\"https:\/\/www.plagedufestival.com\/actualites-plage-privee-restaurant-cuisine-mediterraneenne-cannes\/\" class=\"elementor-item\">News<\/a><\/li>\n<li class=\"menu-item menu-item-type-custom menu-item-object-custom menu-item-96\"><a href=\"https:\/\/laplagedufestivalevent.com\/#formulaire\" class=\"elementor-item elementor-item-anchor\">infos &#038; prices<\/a><\/li>\n<\/ul>\t\t\t<\/nav>\n\t\t\t\t\t<div class=\"elementor-menu-toggle\" role=\"button\" tabindex=\"0\" aria-label=\"Menu Toggle\" aria-expanded=\"false\">\n\t\t\t<svg aria-hidden=\"true\" role=\"presentation\" class=\"elementor-menu-toggle__icon--open e-font-icon-svg e-eicon-menu-bar\" viewBox=\"0 0 1000 1000\" xmlns=\"http:\/\/www.w3.org\/2000\/svg\"><path d=\"M104 333H896C929 333 958 304 958 271S929 208 896 208H104C71 208 42 237 42 271S71 333 104 333ZM104 583H896C929 583 958 554 958 521S929 458 896 458H104C71 458 42 487 42 521S71 583 104 583ZM104 833H896C929 833 958 804 958 771S929 708 896 708H104C71 708 42 737 42 771S71 833 104 833Z\"><\/path><\/svg><svg aria-hidden=\"true\" role=\"presentation\" class=\"elementor-menu-toggle__icon--close e-font-icon-svg e-eicon-close\" viewBox=\"0 0 1000 1000\" xmlns=\"http:\/\/www.w3.org\/2000\/svg\"><path d=\"M742 167L500 408 258 167C246 154 233 150 217 150 196 150 179 158 167 167 154 179 150 196 150 212 150 229 154 242 171 254L408 500 167 742C138 771 138 800 167 829 196 858 225 858 254 829L496 587 738 829C750 842 767 846 783 846 800 846 817 842 829 829 842 817 846 804 846 783 846 767 842 750 829 737L588 500 833 258C863 229 863 200 833 171 804 137 775 137 742 167Z\"><\/path><\/svg>\t\t<\/div>\n\t\t\t\t\t<nav class=\"elementor-nav-menu--dropdown elementor-nav-menu__container\" aria-hidden=\"true\">\n\t\t\t\t<ul id=\"menu-2-78299c5\" class=\"elementor-nav-menu\"><li class=\"menu-item menu-item-type-custom menu-item-object-custom menu-item-92\"><a href=\"https:\/\/laplagedufestivalevent.com\/\" class=\"elementor-item\" tabindex=\"-1\">website<\/a><\/li>\n<li class=\"menu-item menu-item-type-custom menu-item-object-custom menu-item-93\"><a href=\"https:\/\/www.plagedufestival.com\/restaurant-mediterraneen-plage-privee-cannes-croisette\/\" class=\"elementor-item\" tabindex=\"-1\">restaurant<\/a><\/li>\n<li class=\"menu-item menu-item-type-custom menu-item-object-custom menu-item-94\"><a href=\"https:\/\/www.plagedufestival.com\/la-plage-privee-cannes-restraurant-mediterraneen-croisette\/\" class=\"elementor-item\" tabindex=\"-1\">The Beach<\/a><\/li>\n<li class=\"menu-item menu-item-type-custom menu-item-object-custom menu-item-95\"><a href=\"https:\/\/www.plagedufestival.com\/actualites-plage-privee-restaurant-cuisine-mediterraneenne-cannes\/\" class=\"elementor-item\" tabindex=\"-1\">News<\/a><\/li>\n<li class=\"menu-item menu-item-type-custom menu-item-object-custom menu-item-96\"><a href=\"https:\/\/laplagedufestivalevent.com\/#formulaire\" class=\"elementor-item elementor-item-anchor\" tabindex=\"-1\">infos &#038; prices<\/a><\/li>\n<\/ul>\t\t\t<\/nav>\n\t\t\t\t\t\t<\/div>\n\t\t\t\t<\/div>\n\t\t<div class=\"elementor-element elementor-element-50c9dbc e-con-full elementor-hidden-mobile e-flex e-con e-child\" data-id=\"50c9dbc\" data-element_type=\"container\" data-e-type=\"container\">\n\t\t\t\t<div class=\"elementor-element elementor-element-6544cc9 elementor-tablet-align-center elementor-icon-list--layout-traditional elementor-list-item-link-full_width elementor-widget elementor-widget-icon-list\" data-id=\"6544cc9\" data-element_type=\"widget\" data-e-type=\"widget\" data-widget_type=\"icon-list.default\">\n\t\t\t\t\t\t\t<ul class=\"elementor-icon-list-items\">\n\t\t\t\t\t\t\t<li class=\"elementor-icon-list-item\">\n\t\t\t\t\t\t\t\t\t\t<span class=\"elementor-icon-list-text\">52 Bd de la Croisette 06400 Cannes<\/span>\n\t\t\t\t\t\t\t\t\t<\/li>\n\t\t\t\t\t\t<\/ul>\n\t\t\t\t\t\t<\/div>\n\t\t\t\t<\/div>\n\t\t\t\t\t<\/div>\n\t\t\t\t<\/div>\n\t\t\t\t<section class=\"elementor-section elementor-top-section elementor-element elementor-element-95b2015 elementor-section-height-min-height elementor-section-items-stretch elementor-section-boxed elementor-section-height-default\" data-id=\"95b2015\" data-element_type=\"section\" data-e-type=\"section\" data-settings=\"{&quot;background_background&quot;:&quot;classic&quot;,&quot;background_motion_fx_motion_fx_scrolling&quot;:&quot;yes&quot;,&quot;background_motion_fx_scale_effect&quot;:&quot;yes&quot;,&quot;background_motion_fx_scale_speed&quot;:{&quot;unit&quot;:&quot;px&quot;,&quot;size&quot;:2,&quot;sizes&quot;:[]},&quot;background_motion_fx_scale_range&quot;:{&quot;unit&quot;:&quot;%&quot;,&quot;size&quot;:&quot;&quot;,&quot;sizes&quot;:{&quot;start&quot;:50,&quot;end&quot;:100}},&quot;background_motion_fx_opacity_effect&quot;:&quot;yes&quot;,&quot;background_motion_fx_opacity_level&quot;:{&quot;unit&quot;:&quot;px&quot;,&quot;size&quot;:1.1,&quot;sizes&quot;:[]},&quot;background_motion_fx_opacity_range&quot;:{&quot;unit&quot;:&quot;%&quot;,&quot;size&quot;:&quot;&quot;,&quot;sizes&quot;:{&quot;start&quot;:25,&quot;end&quot;:70}},&quot;background_motion_fx_opacity_direction&quot;:&quot;out-in&quot;,&quot;background_motion_fx_scale_direction&quot;:&quot;out-in&quot;,&quot;background_motion_fx_devices&quot;:[&quot;desktop&quot;,&quot;tablet&quot;,&quot;mobile&quot;]}\">\n\t\t\t\t\t\t<div class=\"elementor-container elementor-column-gap-no\">\n\t\t\t\t\t<div class=\"elementor-column elementor-col-100 elementor-top-column elementor-element elementor-element-3a35e70\" data-id=\"3a35e70\" data-element_type=\"column\" data-e-type=\"column\" data-settings=\"{&quot;background_background&quot;:&quot;classic&quot;}\">\n\t\t\t<div class=\"elementor-widget-wrap elementor-element-populated\">\n\t\t\t\t\t\t<div class=\"elementor-element elementor-element-e590229 elementor-widget elementor-widget-image\" data-id=\"e590229\" data-element_type=\"widget\" data-e-type=\"widget\" data-widget_type=\"image.default\">\n\t\t\t\t\t\t\t\t\t\t\t\t\t\t\t\t<a href=\"https:\/\/laplagedufestivalevent.com\/\">\n\t\t\t\t\t\t\t<img fetchpriority=\"high\" decoding=\"async\" width=\"1405\" height=\"1046\" src=\"https:\/\/laplagedufestivalevent.com\/wp-content\/uploads\/2025\/12\/SHOOTDECK-PLAGE-DU-FESTIVAL-e1766088224476.png\" class=\"attachment-full size-full wp-image-27\" alt=\"\" srcset=\"https:\/\/laplagedufestivalevent.com\/wp-content\/uploads\/2025\/12\/SHOOTDECK-PLAGE-DU-FESTIVAL-e1766088224476.png 1405w, https:\/\/laplagedufestivalevent.com\/wp-content\/uploads\/2025\/12\/SHOOTDECK-PLAGE-DU-FESTIVAL-e1766088224476-300x223.png 300w, https:\/\/laplagedufestivalevent.com\/wp-content\/uploads\/2025\/12\/SHOOTDECK-PLAGE-DU-FESTIVAL-e1766088224476-1024x762.png 1024w, https:\/\/laplagedufestivalevent.com\/wp-content\/uploads\/2025\/12\/SHOOTDECK-PLAGE-DU-FESTIVAL-e1766088224476-768x572.png 768w\" sizes=\"(max-width: 1405px) 100vw, 1405px\" \/>\t\t\t\t\t\t\t\t<\/a>\n\t\t\t\t\t\t\t\t\t\t\t\t\t\t\t<\/div>\n\t\t\t\t\t<\/div>\n\t\t<\/div>\n\t\t\t\t\t<\/div>\n\t\t<\/section>\n\t\t<div class=\"elementor-element elementor-element-420cb63d e-flex e-con-boxed e-con e-parent\" data-id=\"420cb63d\" data-element_type=\"container\" data-e-type=\"container\">\n\t\t\t\t\t<div class=\"e-con-inner\">\n\t\t\t\t<div class=\"elementor-element elementor-element-67d8b279 elementor-widget elementor-widget-text-editor\" data-id=\"67d8b279\" data-element_type=\"widget\" data-e-type=\"widget\" data-widget_type=\"text-editor.default\">\n\t\t\t\t\t\t\t\t\t\n<h2 class=\"wp-block-heading\">Mentions relatives \u00e0 l\u2019utilisation des cookies<\/h2>\n\n<p>Un cookie est un fichier informatique d\u00e9pos\u00e9 sur votre terminal (ordinateur, tablette, smartphone) permettant d\u2019analyser le comportement de navigation des utilisateurs sur un site internet (pages consult\u00e9es, dur\u00e9e de visite, interactions, etc.).<\/p>\n\n<p>Ces cookies nous permettent notamment d\u2019am\u00e9liorer l\u2019exp\u00e9rience utilisateur et de mesurer l\u2019audience du site.<\/p>\n\n<p>Vous pouvez consulter notre politique d\u00e9taill\u00e9e relative aux cookies en cliquant ici.<\/p>\n<hr class=\"wp-block-separator has-alpha-channel-opacity\" \/>\n<h2 class=\"wp-block-heading\">Conditions d\u2019utilisation<\/h2>\n\n<p>Le pr\u00e9sent site est soumis \u00e0 la l\u00e9gislation fran\u00e7aise et internationale relative au droit d\u2019auteur et \u00e0 la propri\u00e9t\u00e9 intellectuelle.<\/p>\n\n<p>Toute personne qui visite le site <strong><a href=\"http:\/\/www.laplagedufestivalevent.com\">www.laplagedufestivalevent.com<\/a><\/strong> reconna\u00eet avoir pris connaissance des pr\u00e9sentes conditions d\u2019utilisation et s\u2019engage \u00e0 les respecter.<\/p>\n\n<p>Il est strictement interdit de cr\u00e9er un lien vers ce site sans autorisation \u00e9crite pr\u00e9alable.<\/p>\n\n<p>L\u2019ensemble du site, de son contenu (textes, images, vid\u00e9os), de sa structure, de ses logos et \u00e9l\u00e9ments graphiques est la propri\u00e9t\u00e9 exclusive de <strong>LA PLAGE DU FESTIVAL EVENT<\/strong>.<\/p>\n\n<p>Toute reproduction, repr\u00e9sentation, modification, diffusion ou exploitation totale ou partielle du site, par quelque proc\u00e9d\u00e9 que ce soit, sans l\u2019autorisation expresse de <strong>LA PLAGE DU FESTIVAL EVENT<\/strong>, constitue une contrefa\u00e7on sanctionn\u00e9e par les articles L.335-2 et suivants du Code de la propri\u00e9t\u00e9 intellectuelle.<\/p>\n<hr class=\"wp-block-separator has-alpha-channel-opacity\" \/>\n<h2 class=\"wp-block-heading\">Donn\u00e9es personnelles<\/h2>\n\n<p>Il est possible de consulter le site <strong><a href=\"http:\/\/www.laplagedufestivalevent.com\">www.laplagedufestivalevent.com<\/a><\/strong> sans communiquer d\u2019informations personnelles.<\/p>\n\n<p>Le site ne permet pas aux visiteurs de publier des contenus accessibles \u00e0 d\u2019autres internautes.<\/p>\n\n<p>Les donn\u00e9es personnelles sont collect\u00e9es uniquement lorsque vous les communiquez volontairement, notamment via :<\/p>\n\n<ul class=\"wp-block-list\">\n<li>le formulaire de contact,<\/li>\n\n<li>l\u2019inscription \u00e0 une newsletter,<\/li>\n\n<li>toute demande d\u2019information li\u00e9e \u00e0 nos services \u00e9v\u00e9nementiels.<\/li>\n<\/ul>\n\n<p>Les donn\u00e9es susceptibles d\u2019\u00eatre collect\u00e9es sont : nom, pr\u00e9nom, adresse email, num\u00e9ro de t\u00e9l\u00e9phone et toute information transmise volontairement par l\u2019utilisateur.<\/p>\n\n<p>En fournissant ces informations, vous acceptez express\u00e9ment qu\u2019elles soient trait\u00e9es par <strong>LA PLAGE DU FESTIVAL EVENT<\/strong> afin de r\u00e9pondre \u00e0 votre demande.<\/p>\n\n<p>Aucune donn\u00e9e n\u2019est collect\u00e9e \u00e0 partir de sources tierces.<\/p>\n<hr class=\"wp-block-separator has-alpha-channel-opacity\" \/>\n<h2 class=\"wp-block-heading\">1. Identit\u00e9 du responsable du traitement<\/h2>\n\n<p>Le responsable du traitement des donn\u00e9es est :<br \/><strong>Monsieur Brice Courtade<\/strong><br \/>Pour le compte de <strong>LA PLAGE DU FESTIVAL EVENT<\/strong><\/p>\n\n<p>Les donn\u00e9es collect\u00e9es sont exclusivement destin\u00e9es \u00e0 <strong>LA PLAGE DU FESTIVAL EVENT<\/strong> et \u00e0 ses \u00e9ventuels sous-traitants techniques, uniquement dans le cadre de la gestion des demandes.<\/p>\n\n<p>Les donn\u00e9es sont conserv\u00e9es pour une dur\u00e9e maximale de <strong>3 ans \u00e0 compter du dernier contact<\/strong>.<\/p>\n\n<p>Vous pouvez exercer vos droits en \u00e9crivant \u00e0 :<br \/>\ud83d\udce7 <strong><a>contact@plagedufestival.com<\/a><\/strong><\/p>\n<hr class=\"wp-block-separator has-alpha-channel-opacity\" \/>\n<h2 class=\"wp-block-heading\">2. Donn\u00e9es collect\u00e9es<\/h2>\n\n<p>Les donn\u00e9es collect\u00e9es peuvent inclure :<\/p>\n\n<ul class=\"wp-block-list\">\n<li>votre adresse email (obligatoire pour toute prise de contact),<\/li>\n\n<li>vos donn\u00e9es d\u2019identit\u00e9 (nom, pr\u00e9nom, t\u00e9l\u00e9phone),<\/li>\n\n<li>des donn\u00e9es de navigation anonymes collect\u00e9es via Google Analytics (statistiques de fr\u00e9quentation).<\/li>\n<\/ul>\n\n<p>Les donn\u00e9es concernant les mineurs ne sont pas collect\u00e9es.<\/p>\n<hr class=\"wp-block-separator has-alpha-channel-opacity\" \/>\n<h2 class=\"wp-block-heading\">3. Finalit\u00e9s du traitement<\/h2>\n\n<p>Les donn\u00e9es personnelles sont collect\u00e9es uniquement pour :<\/p>\n\n<ul class=\"wp-block-list\">\n<li>r\u00e9pondre \u00e0 vos demandes d\u2019information,<\/li>\n\n<li>assurer le suivi des \u00e9changes,<\/li>\n\n<li>am\u00e9liorer la qualit\u00e9 du site et des services propos\u00e9s.<\/li>\n<\/ul>\n<hr class=\"wp-block-separator has-alpha-channel-opacity\" \/>\n<h2 class=\"wp-block-heading\">4. Destinataires des donn\u00e9es<\/h2>\n\n<p>Les donn\u00e9es sont trait\u00e9es exclusivement par <strong>LA PLAGE DU FESTIVAL EVENT<\/strong>.<\/p>\n\n<p>Aucune donn\u00e9e personnelle n\u2019est vendue, lou\u00e9e ou transmise \u00e0 des tiers \u00e0 des fins commerciales.<\/p>\n\n<p>L\u2019ensemble des collaborateurs amen\u00e9s \u00e0 traiter les donn\u00e9es est soumis \u00e0 une obligation stricte de confidentialit\u00e9.<\/p>\n<hr class=\"wp-block-separator has-alpha-channel-opacity\" \/>\n<h2 class=\"wp-block-heading\">5. Dur\u00e9e de conservation<\/h2>\n\n<ul class=\"wp-block-list\">\n<li>Donn\u00e9es issues des formulaires : jusqu\u2019\u00e0 <strong>24 mois<\/strong> apr\u00e8s le dernier \u00e9change<\/li>\n\n<li>Donn\u00e9es li\u00e9es \u00e0 une relation commerciale : jusqu\u2019\u00e0 <strong>10 ans<\/strong><\/li>\n\n<li>Newsletter : jusqu\u2019\u00e0 la d\u00e9sinscription<\/li>\n\n<li>Donn\u00e9es statistiques (Google Analytics) : anonymis\u00e9es et conserv\u00e9es \u00e0 des fins exclusivement statistiques<\/li>\n<\/ul>\n<hr class=\"wp-block-separator has-alpha-channel-opacity\" \/>\n<h2 class=\"wp-block-heading\">6. Cookies<\/h2>\n\n<p>Le site utilise des cookies de mesure d\u2019audience et des cookies li\u00e9s aux r\u00e9seaux sociaux, notamment :<\/p>\n\n<ul class=\"wp-block-list\">\n<li><strong>Google Analytics<\/strong><\/li>\n\n<li><strong>Google Maps<\/strong><\/li>\n\n<li><strong>Facebook<\/strong><\/li>\n\n<li><strong>YouTube<\/strong><\/li>\n<\/ul>\n\n<p>Ces cookies sont soumis aux politiques de confidentialit\u00e9 de leurs \u00e9diteurs respectifs.<\/p>\n\n<p>Vous pouvez refuser ou param\u00e9trer l\u2019utilisation des cookies via votre navigateur ou \u00e0 l\u2019aide du bandeau de consentement.<\/p>\n\n<p>Vous pouvez \u00e9galement emp\u00eacher la collecte de donn\u00e9es par Google Analytics via le module de d\u00e9sactivation disponible ici :<br \/><a href=\"https:\/\/tools.google.com\/dlpage\/gaoptout?hl=fr\">https:\/\/tools.google.com\/dlpage\/gaoptout?hl=fr<\/a><\/p>\n<hr class=\"wp-block-separator has-alpha-channel-opacity\" \/>\n<h2 class=\"wp-block-heading\">7. S\u00e9curit\u00e9 des donn\u00e9es<\/h2>\n\n<p>Les donn\u00e9es sont h\u00e9berg\u00e9es sur des serveurs s\u00e9curis\u00e9s prot\u00e9g\u00e9s par des dispositifs de s\u00e9curit\u00e9 (pare-feu, antivirus).<\/p>\n\n<p>Le site utilise un protocole de chiffrement SSL (\u00ab https \u00bb) garantissant la s\u00e9curit\u00e9 des \u00e9changes.<\/p>\n\n<p>Toutefois, malgr\u00e9 les mesures mises en \u0153uvre, aucun syst\u00e8me n\u2019est totalement s\u00e9curis\u00e9 sur Internet. L\u2019utilisateur reconna\u00eet transmettre ses donn\u00e9es \u00e0 ses propres risques.<\/p>\n<hr class=\"wp-block-separator has-alpha-channel-opacity\" \/>\n<h2 class=\"wp-block-heading\">8. Droits des utilisateurs<\/h2>\n\n<p>Conform\u00e9ment au RGPD et \u00e0 la loi Informatique et Libert\u00e9s, vous disposez des droits suivants :<\/p>\n\n<ul class=\"wp-block-list\">\n<li>droit d\u2019acc\u00e8s,<\/li>\n\n<li>droit de rectification,<\/li>\n\n<li>droit \u00e0 l\u2019effacement,<\/li>\n\n<li>droit \u00e0 la limitation du traitement,<\/li>\n\n<li>droit d\u2019opposition,<\/li>\n\n<li>droit \u00e0 la portabilit\u00e9,<\/li>\n\n<li>droit de retrait du consentement.<\/li>\n<\/ul>\n\n<p>Ces droits peuvent \u00eatre exerc\u00e9s \u00e0 tout moment par email \u00e0 :<br \/>\ud83d\udce7 <strong><a>contact@plagedufestival.com<\/a><\/strong><\/p>\n\n<p>Une preuve d\u2019identit\u00e9 pourra \u00eatre demand\u00e9e afin de garantir la confidentialit\u00e9 des donn\u00e9es.<\/p>\n<hr class=\"wp-block-separator has-alpha-channel-opacity\" \/>\n<h2 class=\"wp-block-heading\">9. D\u00e9lais de r\u00e9ponse<\/h2>\n\n<p>Toute demande sera trait\u00e9e dans un d\u00e9lai maximal de <strong>1 mois<\/strong> \u00e0 compter de sa r\u00e9ception.<\/p>\n<hr class=\"wp-block-separator has-alpha-channel-opacity\" \/>\n<h2 class=\"wp-block-heading\">10. Transfert hors Union europ\u00e9enne<\/h2>\n\n<p>Les donn\u00e9es sont h\u00e9berg\u00e9es et trait\u00e9es exclusivement au sein de l\u2019Union europ\u00e9enne.<\/p>\n<hr class=\"wp-block-separator has-alpha-channel-opacity\" \/>\n<h2 class=\"wp-block-heading\">11. R\u00e9clamation aupr\u00e8s de l\u2019autorit\u00e9 comp\u00e9tente<\/h2>\n\n<p>Si vous estimez que vos droits ne sont pas respect\u00e9s, vous pouvez adresser une r\u00e9clamation \u00e0 la CNIL :<br \/><a href=\"https:\/\/www.cnil.fr\/fr\/plaintes\/internet\">https:\/\/www.cnil.fr\/fr\/plaintes\/internet<\/a><\/p>\n<hr class=\"wp-block-separator has-alpha-channel-opacity\" \/>\n<p>Si tu veux, je peux aussi :<\/p>\n\n<p>ou v\u00e9rifier la <strong>coh\u00e9rence juridique<\/strong> avec le site principal.<\/p>\n\n<p><strong>raccourcir<\/strong> cette version pour une page plus l\u00e9g\u00e8re,<\/p>\n\n<p>l\u2019adapter \u00e0 une <strong>version bilingue FR \/ EN<\/strong>,<\/p>\n\n<p>\u00a0<\/p>\n\t\t\t\t\t\t\t\t<\/div>\n\t\t\t\t\t<\/div>\n\t\t\t\t<\/div>\n\t\t\t\t<\/div>\n\t\t","protected":false},"excerpt":{"rendered":"<p>INFOS &amp; PRICES Instagram Facebook-f 52 Bd de la Croisette 06400 Cannes Mentions relatives \u00e0 l\u2019utilisation des cookies Un cookie est un fichier informatique d\u00e9pos\u00e9 sur votre terminal (ordinateur, tablette, smartphone) permettant d\u2019analyser le comportement de navigation des utilisateurs sur un site internet (pages consult\u00e9es, dur\u00e9e de visite, interactions, etc.). Ces cookies nous permettent notamment [&hellip;]<\/p>\n","protected":false},"author":1,"featured_media":119,"parent":0,"menu_order":0,"comment_status":"closed","ping_status":"open","template":"elementor_canvas","meta":{"footnotes":""},"class_list":["post-3","page","type-page","status-publish","has-post-thumbnail","hentry"],"_links":{"self":[{"href":"https:\/\/laplagedufestivalevent.com\/en\/wp-json\/wp\/v2\/pages\/3","targetHints":{"allow":["GET"]}}],"collection":[{"href":"https:\/\/laplagedufestivalevent.com\/en\/wp-json\/wp\/v2\/pages"}],"about":[{"href":"https:\/\/laplagedufestivalevent.com\/en\/wp-json\/wp\/v2\/types\/page"}],"author":[{"embeddable":true,"href":"https:\/\/laplagedufestivalevent.com\/en\/wp-json\/wp\/v2\/users\/1"}],"replies":[{"embeddable":true,"href":"https:\/\/laplagedufestivalevent.com\/en\/wp-json\/wp\/v2\/comments?post=3"}],"version-history":[{"count":9,"href":"https:\/\/laplagedufestivalevent.com\/en\/wp-json\/wp\/v2\/pages\/3\/revisions"}],"predecessor-version":[{"id":298,"href":"https:\/\/laplagedufestivalevent.com\/en\/wp-json\/wp\/v2\/pages\/3\/revisions\/298"}],"wp:featuredmedia":[{"embeddable":true,"href":"https:\/\/laplagedufestivalevent.com\/en\/wp-json\/wp\/v2\/media\/119"}],"wp:attachment":[{"href":"https:\/\/laplagedufestivalevent.com\/en\/wp-json\/wp\/v2\/media?parent=3"}],"curies":[{"name":"wp","href":"https:\/\/api.w.org\/{rel}","templated":true}]}}