{"id":126,"date":"2025-12-19T11:58:38","date_gmt":"2025-12-19T11:58:38","guid":{"rendered":"https:\/\/laplagedufestivalevent.com\/?page_id=126"},"modified":"2026-01-30T08:23:16","modified_gmt":"2026-01-30T08:23:16","slug":"mentions-legales","status":"publish","type":"page","link":"https:\/\/laplagedufestivalevent.com\/en\/mentions-legales\/","title":{"rendered":"Legal Notice"},"content":{"rendered":"\t\t<div data-elementor-type=\"wp-page\" data-elementor-id=\"126\" class=\"elementor elementor-126\" data-elementor-post-type=\"page\">\n\t\t\t\t<div class=\"elementor-element elementor-element-c6526e5 e-flex e-con-boxed e-con e-parent\" data-id=\"c6526e5\" data-element_type=\"container\" data-e-type=\"container\" data-settings=\"{&quot;background_background&quot;:&quot;classic&quot;,&quot;sticky&quot;:&quot;top&quot;,&quot;sticky_effects_offset&quot;:4,&quot;sticky_on&quot;:[&quot;desktop&quot;,&quot;tablet&quot;,&quot;mobile&quot;],&quot;sticky_offset&quot;:0,&quot;sticky_anchor_link_offset&quot;:0}\">\n\t\t\t\t\t<div class=\"e-con-inner\">\n\t\t\t\t<div class=\"elementor-element elementor-element-da87fcb elementor-align-left elementor-widget elementor-widget-button\" data-id=\"da87fcb\" data-element_type=\"widget\" data-e-type=\"widget\" data-widget_type=\"button.default\">\n\t\t\t\t\t\t\t\t\t\t<a class=\"elementor-button elementor-button-link elementor-size-sm\" href=\"https:\/\/laplagedufestivalevent.com\/#formulaire1\">\n\t\t\t\t\t\t<span class=\"elementor-button-content-wrapper\">\n\t\t\t\t\t\t\t\t\t<span class=\"elementor-button-text\">INFOS &amp; PRICES<\/span>\n\t\t\t\t\t<\/span>\n\t\t\t\t\t<\/a>\n\t\t\t\t\t\t\t\t<\/div>\n\t\t\t\t\t<\/div>\n\t\t\t\t<\/div>\n\t\t<div class=\"elementor-element elementor-element-a679f32 e-flex e-con-boxed e-con e-parent\" data-id=\"a679f32\" data-element_type=\"container\" data-e-type=\"container\" data-settings=\"{&quot;background_background&quot;:&quot;classic&quot;}\">\n\t\t\t\t\t<div class=\"e-con-inner\">\n\t\t<div class=\"elementor-element elementor-element-ec6b0bf e-con-full e-flex e-con e-child\" data-id=\"ec6b0bf\" data-element_type=\"container\" data-e-type=\"container\">\n\t\t\t\t<div class=\"elementor-element elementor-element-1ad0fca e-grid-align-left elementor-widget-tablet__width-inherit e-grid-align-mobile-center elementor-shape-rounded elementor-grid-0 elementor-widget elementor-widget-social-icons\" data-id=\"1ad0fca\" data-element_type=\"widget\" data-e-type=\"widget\" data-widget_type=\"social-icons.default\">\n\t\t\t\t\t\t\t<div class=\"elementor-social-icons-wrapper elementor-grid\" role=\"list\">\n\t\t\t\t\t\t\t<span class=\"elementor-grid-item\" role=\"listitem\">\n\t\t\t\t\t<a class=\"elementor-icon elementor-social-icon elementor-social-icon-instagram elementor-animation-grow elementor-repeater-item-be32a58\" href=\"https:\/\/www.instagram.com\/plagedufestival\/\" target=\"_blank\">\n\t\t\t\t\t\t<span class=\"elementor-screen-only\">Instagram<\/span>\n\t\t\t\t\t\t<svg aria-hidden=\"true\" class=\"e-font-icon-svg e-fab-instagram\" viewBox=\"0 0 448 512\" xmlns=\"http:\/\/www.w3.org\/2000\/svg\"><path d=\"M224.1 141c-63.6 0-114.9 51.3-114.9 114.9s51.3 114.9 114.9 114.9S339 319.5 339 255.9 287.7 141 224.1 141zm0 189.6c-41.1 0-74.7-33.5-74.7-74.7s33.5-74.7 74.7-74.7 74.7 33.5 74.7 74.7-33.6 74.7-74.7 74.7zm146.4-194.3c0 14.9-12 26.8-26.8 26.8-14.9 0-26.8-12-26.8-26.8s12-26.8 26.8-26.8 26.8 12 26.8 26.8zm76.1 27.2c-1.7-35.9-9.9-67.7-36.2-93.9-26.2-26.2-58-34.4-93.9-36.2-37-2.1-147.9-2.1-184.9 0-35.8 1.7-67.6 9.9-93.9 36.1s-34.4 58-36.2 93.9c-2.1 37-2.1 147.9 0 184.9 1.7 35.9 9.9 67.7 36.2 93.9s58 34.4 93.9 36.2c37 2.1 147.9 2.1 184.9 0 35.9-1.7 67.7-9.9 93.9-36.2 26.2-26.2 34.4-58 36.2-93.9 2.1-37 2.1-147.8 0-184.8zM398.8 388c-7.8 19.6-22.9 34.7-42.6 42.6-29.5 11.7-99.5 9-132.1 9s-102.7 2.6-132.1-9c-19.6-7.8-34.7-22.9-42.6-42.6-11.7-29.5-9-99.5-9-132.1s-2.6-102.7 9-132.1c7.8-19.6 22.9-34.7 42.6-42.6 29.5-11.7 99.5-9 132.1-9s102.7-2.6 132.1 9c19.6 7.8 34.7 22.9 42.6 42.6 11.7 29.5 9 99.5 9 132.1s2.7 102.7-9 132.1z\"><\/path><\/svg>\t\t\t\t\t<\/a>\n\t\t\t\t<\/span>\n\t\t\t\t\t\t\t<span class=\"elementor-grid-item\" role=\"listitem\">\n\t\t\t\t\t<a class=\"elementor-icon elementor-social-icon elementor-social-icon-facebook-f elementor-animation-grow elementor-repeater-item-af5d7dd\" href=\"https:\/\/www.facebook.com\/laplagedufestival\/\" target=\"_blank\">\n\t\t\t\t\t\t<span class=\"elementor-screen-only\">Facebook-f<\/span>\n\t\t\t\t\t\t<svg aria-hidden=\"true\" class=\"e-font-icon-svg e-fab-facebook-f\" viewBox=\"0 0 320 512\" xmlns=\"http:\/\/www.w3.org\/2000\/svg\"><path d=\"M279.14 288l14.22-92.66h-88.91v-60.13c0-25.35 12.42-50.06 52.24-50.06h40.42V6.26S260.43 0 225.36 0c-73.22 0-121.08 44.38-121.08 124.72v70.62H22.89V288h81.39v224h100.17V288z\"><\/path><\/svg>\t\t\t\t\t<\/a>\n\t\t\t\t<\/span>\n\t\t\t\t\t<\/div>\n\t\t\t\t\t\t<\/div>\n\t\t\t\t<\/div>\n\t\t<div class=\"elementor-element elementor-element-3b34e79 e-con-full elementor-hidden-tablet elementor-hidden-mobile e-flex e-con e-child\" data-id=\"3b34e79\" data-element_type=\"container\" data-e-type=\"container\">\n\t\t\t\t<div class=\"elementor-element elementor-element-1fafec7 elementor-nav-menu__align-center elementor-nav-menu__text-align-center elementor-widget-tablet__width-initial elementor-nav-menu--dropdown-tablet elementor-nav-menu--toggle elementor-nav-menu--burger elementor-widget elementor-widget-nav-menu\" data-id=\"1fafec7\" data-element_type=\"widget\" data-e-type=\"widget\" data-settings=\"{&quot;layout&quot;:&quot;horizontal&quot;,&quot;submenu_icon&quot;:{&quot;value&quot;:&quot;&lt;svg aria-hidden=\\&quot;true\\&quot; class=\\&quot;e-font-icon-svg e-fas-caret-down\\&quot; viewBox=\\&quot;0 0 320 512\\&quot; xmlns=\\&quot;http:\\\/\\\/www.w3.org\\\/2000\\\/svg\\&quot;&gt;&lt;path d=\\&quot;M31.3 192h257.3c17.8 0 26.7 21.5 14.1 34.1L174.1 354.8c-7.8 7.8-20.5 7.8-28.3 0L17.2 226.1C4.6 213.5 13.5 192 31.3 192z\\&quot;&gt;&lt;\\\/path&gt;&lt;\\\/svg&gt;&quot;,&quot;library&quot;:&quot;fa-solid&quot;},&quot;toggle&quot;:&quot;burger&quot;}\" data-widget_type=\"nav-menu.default\">\n\t\t\t\t\t\t\t\t<nav aria-label=\"Menu\" class=\"elementor-nav-menu--main elementor-nav-menu__container elementor-nav-menu--layout-horizontal e--pointer-none\">\n\t\t\t\t<ul id=\"menu-1-1fafec7\" class=\"elementor-nav-menu\"><li class=\"menu-item menu-item-type-custom menu-item-object-custom menu-item-92\"><a href=\"https:\/\/laplagedufestivalevent.com\/\" class=\"elementor-item\">website<\/a><\/li>\n<li class=\"menu-item menu-item-type-custom menu-item-object-custom menu-item-93\"><a href=\"https:\/\/www.plagedufestival.com\/restaurant-mediterraneen-plage-privee-cannes-croisette\/\" class=\"elementor-item\">restaurant<\/a><\/li>\n<li class=\"menu-item menu-item-type-custom menu-item-object-custom menu-item-94\"><a href=\"https:\/\/www.plagedufestival.com\/la-plage-privee-cannes-restraurant-mediterraneen-croisette\/\" class=\"elementor-item\">The Beach<\/a><\/li>\n<li class=\"menu-item menu-item-type-custom menu-item-object-custom menu-item-95\"><a href=\"https:\/\/www.plagedufestival.com\/actualites-plage-privee-restaurant-cuisine-mediterraneenne-cannes\/\" class=\"elementor-item\">News<\/a><\/li>\n<li class=\"menu-item menu-item-type-custom menu-item-object-custom menu-item-96\"><a href=\"https:\/\/laplagedufestivalevent.com\/#formulaire\" class=\"elementor-item elementor-item-anchor\">infos &#038; prices<\/a><\/li>\n<\/ul>\t\t\t<\/nav>\n\t\t\t\t\t<div class=\"elementor-menu-toggle\" role=\"button\" tabindex=\"0\" aria-label=\"Menu Toggle\" aria-expanded=\"false\">\n\t\t\t<svg aria-hidden=\"true\" role=\"presentation\" class=\"elementor-menu-toggle__icon--open e-font-icon-svg e-eicon-menu-bar\" viewBox=\"0 0 1000 1000\" xmlns=\"http:\/\/www.w3.org\/2000\/svg\"><path d=\"M104 333H896C929 333 958 304 958 271S929 208 896 208H104C71 208 42 237 42 271S71 333 104 333ZM104 583H896C929 583 958 554 958 521S929 458 896 458H104C71 458 42 487 42 521S71 583 104 583ZM104 833H896C929 833 958 804 958 771S929 708 896 708H104C71 708 42 737 42 771S71 833 104 833Z\"><\/path><\/svg><svg aria-hidden=\"true\" role=\"presentation\" class=\"elementor-menu-toggle__icon--close e-font-icon-svg e-eicon-close\" viewBox=\"0 0 1000 1000\" xmlns=\"http:\/\/www.w3.org\/2000\/svg\"><path d=\"M742 167L500 408 258 167C246 154 233 150 217 150 196 150 179 158 167 167 154 179 150 196 150 212 150 229 154 242 171 254L408 500 167 742C138 771 138 800 167 829 196 858 225 858 254 829L496 587 738 829C750 842 767 846 783 846 800 846 817 842 829 829 842 817 846 804 846 783 846 767 842 750 829 737L588 500 833 258C863 229 863 200 833 171 804 137 775 137 742 167Z\"><\/path><\/svg>\t\t<\/div>\n\t\t\t\t\t<nav class=\"elementor-nav-menu--dropdown elementor-nav-menu__container\" aria-hidden=\"true\">\n\t\t\t\t<ul id=\"menu-2-1fafec7\" class=\"elementor-nav-menu\"><li class=\"menu-item menu-item-type-custom menu-item-object-custom menu-item-92\"><a href=\"https:\/\/laplagedufestivalevent.com\/\" class=\"elementor-item\" tabindex=\"-1\">website<\/a><\/li>\n<li class=\"menu-item menu-item-type-custom menu-item-object-custom menu-item-93\"><a href=\"https:\/\/www.plagedufestival.com\/restaurant-mediterraneen-plage-privee-cannes-croisette\/\" class=\"elementor-item\" tabindex=\"-1\">restaurant<\/a><\/li>\n<li class=\"menu-item menu-item-type-custom menu-item-object-custom menu-item-94\"><a href=\"https:\/\/www.plagedufestival.com\/la-plage-privee-cannes-restraurant-mediterraneen-croisette\/\" class=\"elementor-item\" tabindex=\"-1\">The Beach<\/a><\/li>\n<li class=\"menu-item menu-item-type-custom menu-item-object-custom menu-item-95\"><a href=\"https:\/\/www.plagedufestival.com\/actualites-plage-privee-restaurant-cuisine-mediterraneenne-cannes\/\" class=\"elementor-item\" tabindex=\"-1\">News<\/a><\/li>\n<li class=\"menu-item menu-item-type-custom menu-item-object-custom menu-item-96\"><a href=\"https:\/\/laplagedufestivalevent.com\/#formulaire\" class=\"elementor-item elementor-item-anchor\" tabindex=\"-1\">infos &#038; prices<\/a><\/li>\n<\/ul>\t\t\t<\/nav>\n\t\t\t\t\t\t<\/div>\n\t\t\t\t<\/div>\n\t\t<div class=\"elementor-element elementor-element-9eb1837 e-con-full elementor-hidden-mobile e-flex e-con e-child\" data-id=\"9eb1837\" data-element_type=\"container\" data-e-type=\"container\">\n\t\t\t\t<div class=\"elementor-element elementor-element-d8f1cab elementor-tablet-align-center elementor-icon-list--layout-traditional elementor-list-item-link-full_width elementor-widget elementor-widget-icon-list\" data-id=\"d8f1cab\" data-element_type=\"widget\" data-e-type=\"widget\" data-widget_type=\"icon-list.default\">\n\t\t\t\t\t\t\t<ul class=\"elementor-icon-list-items\">\n\t\t\t\t\t\t\t<li class=\"elementor-icon-list-item\">\n\t\t\t\t\t\t\t\t\t\t<span class=\"elementor-icon-list-text\">52 Bd de la Croisette 06400 Cannes<\/span>\n\t\t\t\t\t\t\t\t\t<\/li>\n\t\t\t\t\t\t<\/ul>\n\t\t\t\t\t\t<\/div>\n\t\t\t\t<\/div>\n\t\t\t\t\t<\/div>\n\t\t\t\t<\/div>\n\t\t\t\t<section class=\"elementor-section elementor-top-section elementor-element elementor-element-5dd0f56 elementor-section-height-min-height elementor-section-items-stretch elementor-section-boxed elementor-section-height-default\" data-id=\"5dd0f56\" data-element_type=\"section\" data-e-type=\"section\" data-settings=\"{&quot;background_background&quot;:&quot;classic&quot;,&quot;background_motion_fx_motion_fx_scrolling&quot;:&quot;yes&quot;,&quot;background_motion_fx_scale_effect&quot;:&quot;yes&quot;,&quot;background_motion_fx_scale_speed&quot;:{&quot;unit&quot;:&quot;px&quot;,&quot;size&quot;:2,&quot;sizes&quot;:[]},&quot;background_motion_fx_scale_range&quot;:{&quot;unit&quot;:&quot;%&quot;,&quot;size&quot;:&quot;&quot;,&quot;sizes&quot;:{&quot;start&quot;:50,&quot;end&quot;:100}},&quot;background_motion_fx_opacity_effect&quot;:&quot;yes&quot;,&quot;background_motion_fx_opacity_level&quot;:{&quot;unit&quot;:&quot;px&quot;,&quot;size&quot;:1.1,&quot;sizes&quot;:[]},&quot;background_motion_fx_opacity_range&quot;:{&quot;unit&quot;:&quot;%&quot;,&quot;size&quot;:&quot;&quot;,&quot;sizes&quot;:{&quot;start&quot;:25,&quot;end&quot;:70}},&quot;background_motion_fx_opacity_direction&quot;:&quot;out-in&quot;,&quot;background_motion_fx_scale_direction&quot;:&quot;out-in&quot;,&quot;background_motion_fx_devices&quot;:[&quot;desktop&quot;,&quot;tablet&quot;,&quot;mobile&quot;]}\">\n\t\t\t\t\t\t<div class=\"elementor-container elementor-column-gap-no\">\n\t\t\t\t\t<div class=\"elementor-column elementor-col-100 elementor-top-column elementor-element elementor-element-f08ad84\" data-id=\"f08ad84\" data-element_type=\"column\" data-e-type=\"column\" data-settings=\"{&quot;background_background&quot;:&quot;classic&quot;}\">\n\t\t\t<div class=\"elementor-widget-wrap elementor-element-populated\">\n\t\t\t\t\t\t<div class=\"elementor-element elementor-element-aa74e80 elementor-widget elementor-widget-image\" data-id=\"aa74e80\" data-element_type=\"widget\" data-e-type=\"widget\" data-widget_type=\"image.default\">\n\t\t\t\t\t\t\t\t\t\t\t\t\t\t\t\t<a href=\"https:\/\/laplagedufestivalevent.com\/\">\n\t\t\t\t\t\t\t<img fetchpriority=\"high\" decoding=\"async\" width=\"1405\" height=\"1046\" src=\"https:\/\/laplagedufestivalevent.com\/wp-content\/uploads\/2025\/12\/SHOOTDECK-PLAGE-DU-FESTIVAL-e1766088224476.png\" class=\"attachment-full size-full wp-image-27\" alt=\"\" srcset=\"https:\/\/laplagedufestivalevent.com\/wp-content\/uploads\/2025\/12\/SHOOTDECK-PLAGE-DU-FESTIVAL-e1766088224476.png 1405w, https:\/\/laplagedufestivalevent.com\/wp-content\/uploads\/2025\/12\/SHOOTDECK-PLAGE-DU-FESTIVAL-e1766088224476-300x223.png 300w, https:\/\/laplagedufestivalevent.com\/wp-content\/uploads\/2025\/12\/SHOOTDECK-PLAGE-DU-FESTIVAL-e1766088224476-1024x762.png 1024w, https:\/\/laplagedufestivalevent.com\/wp-content\/uploads\/2025\/12\/SHOOTDECK-PLAGE-DU-FESTIVAL-e1766088224476-768x572.png 768w\" sizes=\"(max-width: 1405px) 100vw, 1405px\" \/>\t\t\t\t\t\t\t\t<\/a>\n\t\t\t\t\t\t\t\t\t\t\t\t\t\t\t<\/div>\n\t\t\t\t\t<\/div>\n\t\t<\/div>\n\t\t\t\t\t<\/div>\n\t\t<\/section>\n\t\t<div class=\"elementor-element elementor-element-159f7594 e-flex e-con-boxed e-con e-parent\" data-id=\"159f7594\" data-element_type=\"container\" data-e-type=\"container\">\n\t\t\t\t\t<div class=\"e-con-inner\">\n\t\t\t\t<div class=\"elementor-element elementor-element-74b226d7 elementor-widget elementor-widget-text-editor\" data-id=\"74b226d7\" data-element_type=\"widget\" data-e-type=\"widget\" data-widget_type=\"text-editor.default\">\n\t\t\t\t\t\t\t\t\t\n<h2 class=\"wp-block-heading\">Mentions l\u00e9gales<\/h2>\n\n<h3 class=\"wp-block-heading\">Identification<\/h3>\n\n<p>Vous \u00eates actuellement connect\u00e9 au site internet<br \/><strong><a href=\"http:\/\/www.laplagedufestivalevent.com\">www.laplagedufestivalevent.com<\/a><\/strong><\/p>\n\n<p>Ce site est \u00e9dit\u00e9 par :<br \/><strong>SARL La Plage du Festival<\/strong><br \/>Capital social : 7 500 \u20ac<br \/>Si\u00e8ge social : 62 boulevard de la Croisette, 06400 Cannes \u2013 France<br \/>Immatricul\u00e9e au Registre du Commerce et des Soci\u00e9t\u00e9s de Cannes sous le num\u00e9ro <strong>2003B00290<\/strong><br \/>Num\u00e9ro SIREN : <strong>447 941 667<\/strong><\/p>\n\n<p>\ud83d\udcde T\u00e9l\u00e9phone : 04 93 39 37 37<br \/>\ud83d\udce7 Email : <a>contact@plagedufestival.com<\/a><\/p>\n\n<p>Directeur de la publication et de la r\u00e9daction :<br \/><strong>Madame Arnould Alix <\/strong><\/p>\n<hr class=\"wp-block-separator has-alpha-channel-opacity\" \/>\n<h3 class=\"wp-block-heading\">Conception &amp; r\u00e9alisation du site<\/h3>\n\n<p>Le site <strong><a href=\"http:\/\/www.laplagedufestivalevent.com\">www.laplagedufestivalevent.com<\/a><\/strong> a \u00e9t\u00e9 con\u00e7u, r\u00e9alis\u00e9 et r\u00e9dig\u00e9 par :<\/p>\n\n<p><strong>SAS INTUITION MARKETING<\/strong><br \/>Repr\u00e9sent\u00e9e par <strong>Alix Arnould<\/strong><br \/>Soci\u00e9t\u00e9 situ\u00e9e 1846 boulevard du cerceron, Centre Alpha, 83700 <strong>Saint-Rapha\u00ebl (France)<\/strong><\/p>\n<hr class=\"wp-block-separator has-alpha-channel-opacity\" \/>\n<h3 class=\"wp-block-heading\">H\u00e9bergement<\/h3>\n\n<p>Le site est h\u00e9berg\u00e9 par :<br \/><strong>IONOS by 1&amp;1<\/strong><\/p>\n\n<p>IONOS SE<br \/>Si\u00e8ge social : Elgendorfer Str. 57<br \/>56410 Montabaur \u2013 Allemagne<\/p>\n\n<p>\ud83d\udcde T\u00e9l\u00e9phone : +33 (0)9 70 80 89 11<br \/>\ud83c\udf10 Site : <a>www.ionos.fr<\/a><\/p>\n\n<p>Les serveurs sont h\u00e9berg\u00e9s au sein de l\u2019Union europ\u00e9enne.<\/p>\n<hr class=\"wp-block-separator has-alpha-channel-opacity\" \/>\n<h3 class=\"wp-block-heading\">Propri\u00e9t\u00e9 intellectuelle<\/h3>\n\n<p>L\u2019ensemble du site <strong><a href=\"http:\/\/www.laplagedufestivalevent.com\">www.laplagedufestivalevent.com<\/a><\/strong>, sa structure, ses textes, images, photographies, vid\u00e9os, graphismes, logos et tout autre \u00e9l\u00e9ment le composant sont la propri\u00e9t\u00e9 exclusive de <strong>LA PLAGE DU FESTIVAL<\/strong>, sauf mentions contraires.<\/p>\n\n<p>Toute reproduction, repr\u00e9sentation, diffusion ou exploitation totale ou partielle, par quelque proc\u00e9d\u00e9 que ce soit, sans autorisation \u00e9crite pr\u00e9alable, est strictement interdite et constitue une contrefa\u00e7on sanctionn\u00e9e par les articles L.335-2 et suivants du Code de la propri\u00e9t\u00e9 intellectuelle.<\/p>\n<hr class=\"wp-block-separator has-alpha-channel-opacity\" \/>\n<h3 class=\"wp-block-heading\">Responsabilit\u00e9<\/h3>\n\n<p>L\u2019\u00e9diteur du site met tout en \u0153uvre pour assurer l\u2019exactitude des informations diffus\u00e9es. Toutefois, il ne saurait \u00eatre tenu responsable des erreurs, omissions ou r\u00e9sultats pouvant \u00eatre obtenus par un usage inappropri\u00e9 de ces informations.<\/p>\n\n<p>L\u2019acc\u00e8s au site peut \u00eatre interrompu \u00e0 tout moment pour des raisons techniques ou de maintenance sans pr\u00e9avis.<\/p>\n<hr class=\"wp-block-separator has-alpha-channel-opacity\" \/>\n<h3 class=\"wp-block-heading\">Liens hypertextes<\/h3>\n\n<p>Le site peut contenir des liens vers des sites tiers. <strong>LA PLAGE DU FESTIVAL<\/strong> ne saurait \u00eatre tenue responsable du contenu, du fonctionnement ou des politiques de confidentialit\u00e9 de ces sites externes.<\/p>\n<hr class=\"wp-block-separator has-alpha-channel-opacity\" \/>\n<p>Si tu veux, je peux aussi :<\/p>\n\n<ul class=\"wp-block-list\">\n<li>harmoniser ces mentions avec celles du <strong>site principal<\/strong>,<\/li>\n\n<li>les condenser pour une version plus courte,<\/li>\n\n<li>ou v\u00e9rifier la <strong>coh\u00e9rence juridique globale<\/strong> (mentions l\u00e9gales + RGPD + cookies).<\/li>\n<\/ul>\n\t\t\t\t\t\t\t\t<\/div>\n\t\t\t\t\t<\/div>\n\t\t\t\t<\/div>\n\t\t\t\t<\/div>\n\t\t","protected":false},"excerpt":{"rendered":"<p>INFOS &amp; PRICES Instagram Facebook-f 52 Bd de la Croisette 06400 Cannes Mentions l\u00e9gales Identification Vous \u00eates actuellement connect\u00e9 au site internetwww.laplagedufestivalevent.com Ce site est \u00e9dit\u00e9 par :SARL La Plage du FestivalCapital social : 7 500 \u20acSi\u00e8ge social : 62 boulevard de la Croisette, 06400 Cannes \u2013 FranceImmatricul\u00e9e au Registre du Commerce et des Soci\u00e9t\u00e9s [&hellip;]<\/p>\n","protected":false},"author":2,"featured_media":117,"parent":0,"menu_order":0,"comment_status":"closed","ping_status":"closed","template":"elementor_canvas","meta":{"footnotes":""},"class_list":["post-126","page","type-page","status-publish","has-post-thumbnail","hentry"],"_links":{"self":[{"href":"https:\/\/laplagedufestivalevent.com\/en\/wp-json\/wp\/v2\/pages\/126","targetHints":{"allow":["GET"]}}],"collection":[{"href":"https:\/\/laplagedufestivalevent.com\/en\/wp-json\/wp\/v2\/pages"}],"about":[{"href":"https:\/\/laplagedufestivalevent.com\/en\/wp-json\/wp\/v2\/types\/page"}],"author":[{"embeddable":true,"href":"https:\/\/laplagedufestivalevent.com\/en\/wp-json\/wp\/v2\/users\/2"}],"replies":[{"embeddable":true,"href":"https:\/\/laplagedufestivalevent.com\/en\/wp-json\/wp\/v2\/comments?post=126"}],"version-history":[{"count":7,"href":"https:\/\/laplagedufestivalevent.com\/en\/wp-json\/wp\/v2\/pages\/126\/revisions"}],"predecessor-version":[{"id":301,"href":"https:\/\/laplagedufestivalevent.com\/en\/wp-json\/wp\/v2\/pages\/126\/revisions\/301"}],"wp:featuredmedia":[{"embeddable":true,"href":"https:\/\/laplagedufestivalevent.com\/en\/wp-json\/wp\/v2\/media\/117"}],"wp:attachment":[{"href":"https:\/\/laplagedufestivalevent.com\/en\/wp-json\/wp\/v2\/media?parent=126"}],"curies":[{"name":"wp","href":"https:\/\/api.w.org\/{rel}","templated":true}]}}